{"id":118171,"date":"2023-02-16T16:30:06","date_gmt":"2023-02-16T16:30:06","guid":{"rendered":"https:\/\/interiorisimo.com\/?page_id=118171"},"modified":"2023-03-03T13:02:22","modified_gmt":"2023-03-03T13:02:22","slug":"nos","status":"publish","type":"page","link":"https:\/\/interiorisimo.com\/mgallo\/nos\/","title":{"rendered":"nos"},"content":{"rendered":"<div class=\"wpb-content-wrapper\"><p>[vc_row row_height_percent=&#8221;0&#8243; overlay_alpha=&#8221;50&#8243; gutter_size=&#8221;3&#8243; column_width_percent=&#8221;100&#8243; shift_y=&#8221;0&#8243; z_index=&#8221;0&#8243; uncode_shortcode_id=&#8221;928658&#8243;][vc_column column_width_percent=&#8221;95&#8243; gutter_size=&#8221;2&#8243; overlay_alpha=&#8221;50&#8243; shift_x=&#8221;0&#8243; shift_y=&#8221;0&#8243; shift_y_down=&#8221;0&#8243; z_index=&#8221;0&#8243; medium_width=&#8221;0&#8243; mobile_width=&#8221;0&#8243; width=&#8221;1\/1&#8243; uncode_shortcode_id=&#8221;170232&#8243;][vc_row_inner row_inner_height_percent=&#8221;0&#8243; overlay_alpha=&#8221;50&#8243; gutter_size=&#8221;3&#8243; shift_y=&#8221;0&#8243; z_index=&#8221;0&#8243; uncode_shortcode_id=&#8221;862789&#8243;][vc_column_inner column_width_percent=&#8221;85&#8243; gutter_size=&#8221;3&#8243; overlay_alpha=&#8221;50&#8243; shift_x=&#8221;0&#8243; shift_y=&#8221;0&#8243; shift_y_down=&#8221;0&#8243; z_index=&#8221;0&#8243; medium_width=&#8221;0&#8243; mobile_width=&#8221;0&#8243; width=&#8221;1\/2&#8243; uncode_shortcode_id=&#8221;137888&#8243;][vc_custom_heading text_font=&#8221;font-359846&#8243; text_size=&#8221;fontsize-155944&#8243; text_weight=&#8221;200&#8243; text_height=&#8221;fontheight-179065&#8243; text_space=&#8221;fontspace-781688&#8243; uncode_shortcode_id=&#8221;142870&#8243;]<\/p>\n<div class=\"text-container\">\n<div class=\"main-wrapper admin-text mt-animation animated fadeIn\" data-mt-animation=\"fadeIn\"><span class=\"font-359846\"><strong>Marisa Gallo.<\/strong> <\/span><\/div>\n<\/div>\n<p>[\/vc_custom_heading][vc_custom_heading text_font=&#8221;font-359846&#8243; text_size=&#8221;fontsize-155944&#8243; text_weight=&#8221;200&#8243; text_height=&#8221;fontheight-179065&#8243; text_space=&#8221;fontspace-111509&#8243; uncode_shortcode_id=&#8221;234875&#8243;]<\/p>\n<div class=\"text-container\">\n<div class=\"main-wrapper admin-text mt-animation animated fadeIn\" data-mt-animation=\"fadeIn\"><span class=\"font-359846\">Un sello personal sin\u00f3nimo de <em>elegancia<\/em> y <em>clasicismo atemporal.<\/em><\/span><\/div>\n<\/div>\n<p>[\/vc_custom_heading][vc_custom_heading heading_semantic=&#8221;p&#8221; text_size=&#8221;h5&#8243; text_weight=&#8221;300&#8243; uncode_shortcode_id=&#8221;899056&#8243;]Al frente de su estudio est\u00e1 Marisa, diplomada en arquitectura de interiores en IADE, donde desde 2004 ha querido pulir su talento en una constante b\u00fasqueda de la singularidad y el equilibrio, creando una est\u00e9tica sin\u00f3nimo de elegancia y un clasicismo atemporal.[\/vc_custom_heading][vc_custom_heading heading_semantic=&#8221;p&#8221; text_size=&#8221;h5&#8243; text_weight=&#8221;300&#8243; uncode_shortcode_id=&#8221;118190&#8243;]La atenci\u00f3n personalizada, el amor a su trabajo y el cuidado exhaustivo del detalle se refleja en cada uno de sus proyectos. Ademas, Marisa cuenta con un equipo multidisciplinar para el desarrollo integral de cada proyecto.\u00a0 En el Estudio se encargan del desarrollo de proyectos tanto en el \u00e1mbito nacional como en el internacional con un claro enfoque en el Real Estate, viviendas particulares y espacios comerciales.[\/vc_custom_heading][\/vc_column_inner][vc_column_inner width=&#8221;1\/2&#8243;][vc_single_image media=&#8221;54348&#8243; media_width_percent=&#8221;100&#8243; media_ratio=&#8221;one-one&#8221; uncode_shortcode_id=&#8221;231350&#8243;][\/vc_column_inner][\/vc_row_inner][\/vc_column][\/vc_row][vc_row row_height_percent=&#8221;75&#8243; overlay_alpha=&#8221;50&#8243; gutter_size=&#8221;3&#8243; column_width_percent=&#8221;100&#8243; shift_y=&#8221;0&#8243; z_index=&#8221;0&#8243; uncode_shortcode_id=&#8221;188264&#8243;][vc_column column_width_percent=&#8221;88&#8243; position_vertical=&#8221;middle&#8221; align_horizontal=&#8221;align_center&#8221; gutter_size=&#8221;2&#8243; overlay_alpha=&#8221;50&#8243; shift_x=&#8221;0&#8243; shift_y=&#8221;0&#8243; shift_y_down=&#8221;0&#8243; z_index=&#8221;0&#8243; medium_width=&#8221;0&#8243; mobile_width=&#8221;0&#8243; width=&#8221;1\/1&#8243; uncode_shortcode_id=&#8221;211800&#8243;][vc_row_inner row_inner_height_percent=&#8221;0&#8243; overlay_alpha=&#8221;50&#8243; gutter_size=&#8221;3&#8243; shift_y=&#8221;0&#8243; z_index=&#8221;0&#8243; uncode_shortcode_id=&#8221;995115&#8243;][vc_column_inner column_width_percent=&#8221;100&#8243; position_horizontal=&#8221;left&#8221; gutter_size=&#8221;3&#8243; overlay_alpha=&#8221;50&#8243; shift_x=&#8221;0&#8243; shift_y=&#8221;0&#8243; shift_y_down=&#8221;0&#8243; z_index=&#8221;0&#8243; medium_width=&#8221;0&#8243; mobile_width=&#8221;0&#8243; width=&#8221;1\/3&#8243; uncode_shortcode_id=&#8221;121242&#8243;][vc_custom_heading text_color=&#8221;color-jevc&#8221; text_font=&#8221;font-359846&#8243; text_size=&#8221;fontsize-155944&#8243; uncode_shortcode_id=&#8221;951001&#8243; text_color_type=&#8221;uncode-palette&#8221;]Interior Design.[\/vc_custom_heading][vc_custom_heading text_color=&#8221;color-jevc&#8221; heading_semantic=&#8221;h3&#8243; text_font=&#8221;font-193817&#8243; text_size=&#8221;h5&#8243; text_weight=&#8221;300&#8243; uncode_shortcode_id=&#8221;133977&#8243; text_color_type=&#8221;uncode-palette&#8221;]Estamos especializados en el desarrollo de proyectos integrales de interiorismo y reforma, tanto en obra nueva como en rehabilitaci\u00f3n.<\/p>\n<p>Cuidamos de cada detalle para ofrecerte la m\u00e1xima calidad en nuestro servicio. Con un trato continuo, personalizado y cercano te asesoramos para responder a tus necesidades.[\/vc_custom_heading][\/vc_column_inner][vc_column_inner column_width_percent=&#8221;100&#8243; position_horizontal=&#8221;left&#8221; gutter_size=&#8221;3&#8243; overlay_alpha=&#8221;50&#8243; shift_x=&#8221;0&#8243; shift_y=&#8221;0&#8243; shift_y_down=&#8221;0&#8243; z_index=&#8221;0&#8243; medium_width=&#8221;0&#8243; mobile_width=&#8221;0&#8243; width=&#8221;1\/3&#8243; uncode_shortcode_id=&#8221;934497&#8243;][vc_custom_heading text_color=&#8221;color-jevc&#8221; text_font=&#8221;font-359846&#8243; text_size=&#8221;fontsize-155944&#8243; uncode_shortcode_id=&#8221;783162&#8243; text_color_type=&#8221;uncode-palette&#8221;]Real Estate.[\/vc_custom_heading][vc_custom_heading text_color=&#8221;color-jevc&#8221; heading_semantic=&#8221;h4&#8243; text_font=&#8221;font-193817&#8243; text_size=&#8221;h5&#8243; text_weight=&#8221;300&#8243; uncode_shortcode_id=&#8221;188619&#8243; text_color_type=&#8221;uncode-palette&#8221;]Aportamos soluciones llave en mano para el desarrollo de proyectos de interiorismo en viviendas piloto, un producto orientado a promotoras y constructoras que se ajustar\u00e1 a la perfecci\u00f3n a las necesidades concretas de tu proyecto.[\/vc_custom_heading][\/vc_column_inner][vc_column_inner column_width_percent=&#8221;100&#8243; position_horizontal=&#8221;left&#8221; gutter_size=&#8221;3&#8243; overlay_alpha=&#8221;50&#8243; shift_x=&#8221;0&#8243; shift_y=&#8221;0&#8243; shift_y_down=&#8221;0&#8243; z_index=&#8221;0&#8243; medium_width=&#8221;0&#8243; mobile_width=&#8221;0&#8243; width=&#8221;1\/3&#8243; uncode_shortcode_id=&#8221;197877&#8243;][vc_custom_heading text_color=&#8221;color-jevc&#8221; text_font=&#8221;font-359846&#8243; text_size=&#8221;fontsize-155944&#8243; uncode_shortcode_id=&#8221;655319&#8243; text_color_type=&#8221;uncode-palette&#8221;]Home Staging.[\/vc_custom_heading][vc_custom_heading text_color=&#8221;color-jevc&#8221; heading_semantic=&#8221;h4&#8243; text_font=&#8221;font-193817&#8243; text_size=&#8221;h5&#8243; text_weight=&#8221;300&#8243; uncode_shortcode_id=&#8221;146392&#8243; text_color_type=&#8221;uncode-palette&#8221;]<span class=\"Y2IQFc\" lang=\"es\">\u00bfNecesitas vender tu propiedad? \u00bfBuscas rentabilizar tu inversi\u00f3n inmobiliaria? Somos especialistas en desarrollo de proyectos de Home Staging. Te ayudamos a alcanzar a un mayor n\u00famero de compradores potenciales, para que consigas vender tu propiedad m\u00e1s r\u00e1pidamente y por m\u00e1s dinero. Nos enfocamos en mejorar el atractivo de la propiedad asegur\u00e1ndonos que sea un producto acogedor y atractivo en el que cualquier comprador desee comprar.<\/span>[\/vc_custom_heading][\/vc_column_inner][\/vc_row_inner][vc_row_inner row_inner_height_percent=&#8221;0&#8243; overlay_alpha=&#8221;50&#8243; gutter_size=&#8221;3&#8243; shift_y=&#8221;0&#8243; z_index=&#8221;0&#8243; uncode_shortcode_id=&#8221;630340&#8243;][vc_column_inner column_width_percent=&#8221;100&#8243; gutter_size=&#8221;3&#8243; overlay_alpha=&#8221;50&#8243; shift_x=&#8221;0&#8243; shift_y=&#8221;0&#8243; shift_y_down=&#8221;0&#8243; z_index=&#8221;0&#8243; medium_width=&#8221;0&#8243; mobile_width=&#8221;0&#8243; width=&#8221;1\/3&#8243; uncode_shortcode_id=&#8221;154250&#8243;][vc_custom_heading text_color=&#8221;color-jevc&#8221; text_font=&#8221;font-359846&#8243; text_size=&#8221;fontsize-155944&#8243; uncode_shortcode_id=&#8221;731789&#8243; text_color_type=&#8221;uncode-palette&#8221;]Infograf\u00eda 3D.[\/vc_custom_heading][vc_custom_heading text_color=&#8221;color-jevc&#8221; heading_semantic=&#8221;h4&#8243; text_font=&#8221;font-193817&#8243; text_size=&#8221;h5&#8243; text_weight=&#8221;300&#8243; uncode_shortcode_id=&#8221;204706&#8243; text_color_type=&#8221;uncode-palette&#8221;]Trabajamos para crear un valor a\u00d2adido a su proyecto y ayudarle a comunicar sus ideas.Realizamos todo tipo de im\u00b7genes fotorrealistas, con la tecnolog\u00cca m\u00b7s avanzada.<span class=\"Apple-converted-space\">\u00a0<\/span>[\/vc_custom_heading][\/vc_column_inner][vc_column_inner width=&#8221;1\/3&#8243;][vc_custom_heading text_color=&#8221;color-jevc&#8221; text_font=&#8221;font-359846&#8243; text_size=&#8221;fontsize-155944&#8243; uncode_shortcode_id=&#8221;742805&#8243; text_color_type=&#8221;uncode-palette&#8221;]Paisajismo.[\/vc_custom_heading][vc_custom_heading text_color=&#8221;color-jevc&#8221; heading_semantic=&#8221;h4&#8243; text_font=&#8221;font-193817&#8243; text_size=&#8221;h5&#8243; text_weight=&#8221;300&#8243; uncode_shortcode_id=&#8221;603916&#8243; text_color_type=&#8221;uncode-palette&#8221;]Nos esforzamos por crear espacios personales y \u00fanicos, pensando en que todos los elementos encajen en un balance unitario. El resultado son jardines en los que la est\u00e9tica cobra el mismo peso que lo funcional. Espacios atractivos que invitan a disfrutarlo los 365 d\u00edas del a\u00f1o.[\/vc_custom_heading][\/vc_column_inner][vc_column_inner column_width_percent=&#8221;100&#8243; gutter_size=&#8221;3&#8243; overlay_alpha=&#8221;50&#8243; shift_x=&#8221;0&#8243; shift_y=&#8221;0&#8243; shift_y_down=&#8221;0&#8243; z_index=&#8221;0&#8243; medium_width=&#8221;0&#8243; mobile_width=&#8221;0&#8243; width=&#8221;1\/3&#8243; uncode_shortcode_id=&#8221;619765&#8243;][vc_custom_heading text_color=&#8221;color-jevc&#8221; text_font=&#8221;font-359846&#8243; text_size=&#8221;fontsize-155944&#8243; uncode_shortcode_id=&#8221;206047&#8243; text_color_type=&#8221;uncode-palette&#8221;]Branding.[\/vc_custom_heading][vc_custom_heading text_color=&#8221;accent&#8221; heading_semantic=&#8221;h3&#8243; text_font=&#8221;font-193817&#8243; text_size=&#8221;h5&#8243; text_weight=&#8221;300&#8243; uncode_shortcode_id=&#8221;138796&#8243; text_color_type=&#8221;uncode-palette&#8221;]<span class=\"Y2IQFc\" lang=\"es\">Te acompa\u00f1amos en todas las fases necesarias para llevar a cabo tu proyecto comercial. Desde la conceptualizaci\u00f3n, dise\u00f1o y desarrollo de la identidad corporativa de la marca, hasta la integraci\u00f3n\u00a0 de la misma en los distintos soportes y el desarrollo del proyecto integral de interiorismo.<\/span>[\/vc_custom_heading][\/vc_column_inner][\/vc_row_inner][\/vc_column][\/vc_row]<\/p>\n<\/div>","protected":false},"excerpt":{"rendered":"<p>[vc_row row_height_percent=&#8221;0&#8243; overlay_alpha=&#8221;50&#8243; gutter_size=&#8221;3&#8243; column_width_percent=&#8221;100&#8243; shift_y=&#8221;0&#8243; z_index=&#8221;0&#8243; uncode_shortcode_id=&#8221;928658&#8243;][vc_column column_width_percent=&#8221;95&#8243; gutter_size=&#8221;2&#8243; overlay_alpha=&#8221;50&#8243; shift_x=&#8221;0&#8243; shift_y=&#8221;0&#8243; shift_y_down=&#8221;0&#8243; z_index=&#8221;0&#8243; medium_width=&#8221;0&#8243; mobile_width=&#8221;0&#8243; width=&#8221;1\/1&#8243; uncode_shortcode_id=&#8221;170232&#8243;][vc_row_inner row_inner_height_percent=&#8221;0&#8243; [&hellip;]<\/p>\n","protected":false},"author":1,"featured_media":0,"parent":0,"menu_order":0,"comment_status":"closed","ping_status":"closed","template":"","meta":{"_joinchat":[],"footnotes":""},"class_list":["post-118171","page","type-page","status-publish","hentry"],"yoast_head":"<!-- This site is optimized with the Yoast SEO plugin v26.0 - https:\/\/yoast.com\/wordpress\/plugins\/seo\/ -->\n<title>nos - interiorisimo | marisa gallo<\/title>\n<meta name=\"robots\" content=\"index, follow, max-snippet:-1, max-image-preview:large, max-video-preview:-1\" \/>\n<link rel=\"canonical\" href=\"https:\/\/interiorisimo.com\/mgallo\/nos\/\" \/>\n<meta property=\"og:locale\" content=\"es_ES\" \/>\n<meta property=\"og:type\" content=\"article\" \/>\n<meta property=\"og:title\" content=\"nos - interiorisimo | marisa gallo\" \/>\n<meta property=\"og:description\" content=\"[vc_row row_height_percent=&#8221;0&#8243; overlay_alpha=&#8221;50&#8243; gutter_size=&#8221;3&#8243; column_width_percent=&#8221;100&#8243; shift_y=&#8221;0&#8243; z_index=&#8221;0&#8243; uncode_shortcode_id=&#8221;928658&#8243;][vc_column column_width_percent=&#8221;95&#8243; gutter_size=&#8221;2&#8243; overlay_alpha=&#8221;50&#8243; shift_x=&#8221;0&#8243; shift_y=&#8221;0&#8243; shift_y_down=&#8221;0&#8243; z_index=&#8221;0&#8243; medium_width=&#8221;0&#8243; mobile_width=&#8221;0&#8243; width=&#8221;1\/1&#8243; uncode_shortcode_id=&#8221;170232&#8243;][vc_row_inner row_inner_height_percent=&#8221;0&#8243; [&hellip;]\" \/>\n<meta property=\"og:url\" content=\"https:\/\/interiorisimo.com\/mgallo\/nos\/\" \/>\n<meta property=\"og:site_name\" content=\"interiorisimo | marisa gallo\" \/>\n<meta property=\"article:publisher\" content=\"https:\/\/www.facebook.com\/interiorisimo\" \/>\n<meta property=\"article:modified_time\" content=\"2023-03-03T13:02:22+00:00\" \/>\n<meta property=\"og:image\" content=\"http:\/\/interiorisimo.com\/mgallo\/wp-content\/uploads\/2016\/04\/logoblack2.png\" \/>\n<meta name=\"twitter:card\" content=\"summary_large_image\" \/>\n<meta name=\"twitter:site\" content=\"@interiorisimo\" \/>\n<meta name=\"twitter:label1\" content=\"Tiempo de lectura\" \/>\n\t<meta name=\"twitter:data1\" content=\"6 minutos\" \/>\n<!-- \/ Yoast SEO plugin. -->","yoast_head_json":{"title":"nos - interiorisimo | marisa gallo","robots":{"index":"index","follow":"follow","max-snippet":"max-snippet:-1","max-image-preview":"max-image-preview:large","max-video-preview":"max-video-preview:-1"},"canonical":"https:\/\/interiorisimo.com\/mgallo\/nos\/","og_locale":"es_ES","og_type":"article","og_title":"nos - interiorisimo | marisa gallo","og_description":"[vc_row row_height_percent=&#8221;0&#8243; overlay_alpha=&#8221;50&#8243; gutter_size=&#8221;3&#8243; column_width_percent=&#8221;100&#8243; shift_y=&#8221;0&#8243; z_index=&#8221;0&#8243; uncode_shortcode_id=&#8221;928658&#8243;][vc_column column_width_percent=&#8221;95&#8243; gutter_size=&#8221;2&#8243; overlay_alpha=&#8221;50&#8243; shift_x=&#8221;0&#8243; shift_y=&#8221;0&#8243; shift_y_down=&#8221;0&#8243; z_index=&#8221;0&#8243; medium_width=&#8221;0&#8243; mobile_width=&#8221;0&#8243; width=&#8221;1\/1&#8243; uncode_shortcode_id=&#8221;170232&#8243;][vc_row_inner row_inner_height_percent=&#8221;0&#8243; [&hellip;]","og_url":"https:\/\/interiorisimo.com\/mgallo\/nos\/","og_site_name":"interiorisimo | marisa gallo","article_publisher":"https:\/\/www.facebook.com\/interiorisimo","article_modified_time":"2023-03-03T13:02:22+00:00","og_image":[{"url":"http:\/\/interiorisimo.com\/mgallo\/wp-content\/uploads\/2016\/04\/logoblack2.png","type":"","width":"","height":""}],"twitter_card":"summary_large_image","twitter_site":"@interiorisimo","twitter_misc":{"Tiempo de lectura":"6 minutos"},"schema":{"@context":"https:\/\/schema.org","@graph":[{"@type":"WebPage","@id":"https:\/\/interiorisimo.com\/mgallo\/nos\/","url":"https:\/\/interiorisimo.com\/mgallo\/nos\/","name":"nos - interiorisimo | marisa gallo","isPartOf":{"@id":"https:\/\/interiorisimo.com\/mgallo\/#website"},"datePublished":"2023-02-16T16:30:06+00:00","dateModified":"2023-03-03T13:02:22+00:00","breadcrumb":{"@id":"https:\/\/interiorisimo.com\/mgallo\/nos\/#breadcrumb"},"inLanguage":"es","potentialAction":[{"@type":"ReadAction","target":["https:\/\/interiorisimo.com\/mgallo\/nos\/"]}]},{"@type":"BreadcrumbList","@id":"https:\/\/interiorisimo.com\/mgallo\/nos\/#breadcrumb","itemListElement":[{"@type":"ListItem","position":1,"name":"Portada","item":"https:\/\/interiorisimo.com\/mgallo\/"},{"@type":"ListItem","position":2,"name":"nos"}]},{"@type":"WebSite","@id":"https:\/\/interiorisimo.com\/mgallo\/#website","url":"https:\/\/interiorisimo.com\/mgallo\/","name":"interiorisimo | marisa gallo","description":"Estudio de interiorismo by Marisa Gallo","publisher":{"@id":"https:\/\/interiorisimo.com\/mgallo\/#organization"},"potentialAction":[{"@type":"SearchAction","target":{"@type":"EntryPoint","urlTemplate":"https:\/\/interiorisimo.com\/mgallo\/?s={search_term_string}"},"query-input":{"@type":"PropertyValueSpecification","valueRequired":true,"valueName":"search_term_string"}}],"inLanguage":"es"},{"@type":"Organization","@id":"https:\/\/interiorisimo.com\/mgallo\/#organization","name":"interiorisimo | marisa gallo","url":"https:\/\/interiorisimo.com\/mgallo\/","logo":{"@type":"ImageObject","inLanguage":"es","@id":"https:\/\/interiorisimo.com\/mgallo\/#\/schema\/logo\/image\/","url":"https:\/\/interiorisimo.com\/mgallo\/wp-content\/uploads\/2023\/01\/LGMGA.png","contentUrl":"https:\/\/interiorisimo.com\/mgallo\/wp-content\/uploads\/2023\/01\/LGMGA.png","width":284,"height":338,"caption":"interiorisimo | marisa gallo"},"image":{"@id":"https:\/\/interiorisimo.com\/mgallo\/#\/schema\/logo\/image\/"},"sameAs":["https:\/\/www.facebook.com\/interiorisimo","https:\/\/x.com\/interiorisimo","https:\/\/www.instagram.com\/interiorisimo\/","https:\/\/www.linkedin.com\/company\/interiorisimo","https:\/\/www.pinterest.com\/interiorisimo"]}]}},"_links":{"self":[{"href":"https:\/\/interiorisimo.com\/mgallo\/wp-json\/wp\/v2\/pages\/118171","targetHints":{"allow":["GET"]}}],"collection":[{"href":"https:\/\/interiorisimo.com\/mgallo\/wp-json\/wp\/v2\/pages"}],"about":[{"href":"https:\/\/interiorisimo.com\/mgallo\/wp-json\/wp\/v2\/types\/page"}],"author":[{"embeddable":true,"href":"https:\/\/interiorisimo.com\/mgallo\/wp-json\/wp\/v2\/users\/1"}],"replies":[{"embeddable":true,"href":"https:\/\/interiorisimo.com\/mgallo\/wp-json\/wp\/v2\/comments?post=118171"}],"version-history":[{"count":21,"href":"https:\/\/interiorisimo.com\/mgallo\/wp-json\/wp\/v2\/pages\/118171\/revisions"}],"predecessor-version":[{"id":118275,"href":"https:\/\/interiorisimo.com\/mgallo\/wp-json\/wp\/v2\/pages\/118171\/revisions\/118275"}],"wp:attachment":[{"href":"https:\/\/interiorisimo.com\/mgallo\/wp-json\/wp\/v2\/media?parent=118171"}],"curies":[{"name":"wp","href":"https:\/\/api.w.org\/{rel}","templated":true}]}}