{"id":50366,"date":"2018-09-16T22:45:08","date_gmt":"2018-09-16T22:45:08","guid":{"rendered":"http:\/\/interiorisimo.com\/?page_id=50366"},"modified":"2023-01-25T11:53:39","modified_gmt":"2023-01-25T11:53:39","slug":"avisolegal","status":"publish","type":"page","link":"https:\/\/interiorisimo.com\/mgallo\/avisolegal\/","title":{"rendered":"aviso legal"},"content":{"rendered":"<div class=\"wpb-content-wrapper\"><p>[vc_row row_height_percent=&#8221;0&#8243; overlay_alpha=&#8221;50&#8243; gutter_size=&#8221;3&#8243; column_width_percent=&#8221;100&#8243; shift_y=&#8221;0&#8243; z_index=&#8221;0&#8243; uncode_shortcode_id=&#8221;128837&#8243;][vc_column column_width_percent=&#8221;80&#8243; gutter_size=&#8221;3&#8243; overlay_alpha=&#8221;50&#8243; shift_x=&#8221;0&#8243; shift_y=&#8221;0&#8243; shift_y_down=&#8221;0&#8243; z_index=&#8221;0&#8243; medium_width=&#8221;0&#8243; mobile_width=&#8221;0&#8243; uncode_shortcode_id=&#8221;660411&#8243; width=&#8221;1\/4&#8243;][\/vc_column][vc_column width=&#8221;1\/2&#8243;][vc_column_text uncode_shortcode_id=&#8221;157487&#8243;]<strong>AVISO LEGAL<\/strong><\/p>\n<p><span class=\"font-193817\">En cumplimiento del art\u00edculo 10 de la Ley 34\/2002, de 11 de Julio, de Servicios de la Sociedad de la Informaci\u00f3n y Comercio Electr\u00f3nico, a continuaci\u00f3n, se exponen los datos identificativos de la empresa.<\/span><\/p>\n<table>\n<tbody>\n<tr>\n<td width=\"170\"><span class=\"font-193817\"><strong>NOMBRE \/ RAZ\u00d3N SOCIAL<\/strong><\/span><\/td>\n<td width=\"257\"><span class=\"font-193817\">MARISA GALLO S.L.<\/span><\/td>\n<\/tr>\n<tr>\n<td width=\"170\"><span class=\"font-193817\"><strong>NIF \/ CIF<\/strong><\/span><\/td>\n<td width=\"257\">B09746140<\/td>\n<\/tr>\n<tr>\n<td width=\"170\"><span class=\"font-193817\"><strong>ACTIVIDAD \/ OBJETO SOCIAL<\/strong><\/span><\/td>\n<td width=\"257\"><span class=\"font-193817\">ESTUDIO DE ARQUITECTURA Y DECORACION<\/span><\/td>\n<\/tr>\n<tr>\n<td width=\"170\"><span class=\"font-193817\"><strong>DOMICILIO<\/strong><\/span><\/td>\n<td width=\"257\"><span class=\"font-193817\">C\/ ALGABE\u00d1O 27- 28043 MADRID.<\/span><\/td>\n<\/tr>\n<tr>\n<td width=\"170\"><span class=\"font-193817\"><strong>TEL\u00c9FONO<\/strong><\/span><\/td>\n<td width=\"257\"><span class=\"font-193817\">917219721<\/span><\/td>\n<\/tr>\n<tr>\n<td width=\"170\"><span class=\"font-193817\"><strong>EMAIL<\/strong><\/span><\/td>\n<td width=\"257\"><span class=\"font-193817\"><a href=\"mailto:info@interiorismo.com\">info@interiorismo.com<\/a><\/span><\/td>\n<\/tr>\n<tr>\n<td width=\"170\"><span class=\"font-193817\"><strong>P\u00c1GINA WEB<\/strong><\/span><\/td>\n<td width=\"257\"><span class=\"font-193817\"><a href=\"http:\/\/www.interiorisimo.com\">www.interiorisimo.com<\/a><\/span><\/td>\n<\/tr>\n<\/tbody>\n<\/table>\n<p><span class=\"font-193817\"><strong>CONDICIONES GENERALES DE USO<\/strong><\/span><\/p>\n<p><span class=\"font-193817\">Este portal web\u00a0tiene como objeto facilitar al p\u00fablico, en general, el conocimiento de las actividades que esta organizaci\u00f3n realiza y de los productos y servicios que presta, para el desarrollo de su actividad.<\/span><\/p>\n<p><span class=\"font-193817\">El uso de cualquiera de las funcionalidades del sitio Web implica la expresa y plena aceptaci\u00f3n de las condiciones aqu\u00ed expuestas, sin perjuicio de aquellas particulares que pudieran aplicarse a algunos de los servicios concretos ofrecidos a trav\u00e9s del sitio Web.<\/span><\/p>\n<p><span class=\"font-193817\">El titular del sitio Web se reserva la facultad de efectuar, en cualquier momento y sin necesidad de previo aviso, modificaciones y actualizaciones de la informaci\u00f3n contenida en su Web o en la configuraci\u00f3n y presentaci\u00f3n de \u00e9sta.<\/span><\/p>\n<p><span class=\"font-193817\">Con el objeto de mantener actualizada la informaci\u00f3n publicada el portal Web, los contenidos del mismo podr\u00e1n ser modificados, corregidos, eliminados o a\u00f1adidos en cualquier momento, por lo que ser\u00e1 conveniente comprobar la vigencia o exactitud de los mismos acudiendo a las fuentes oficiales.<\/span><\/p>\n<p><span class=\"font-193817\"><strong>PROPIEDAD INTELECTUAL, INDUSTRIAL Y FRAMES<\/strong><\/span><\/p>\n<p><span class=\"font-193817\">Todos los elementos que forman el sitio Web, as\u00ed como su estructura, dise\u00f1o, c\u00f3digo fuente, as\u00ed como los logos, marcas y dem\u00e1s signos distintivos que aparecen en la misma, son titularidad de <strong>MARISA GALLO S.L.<\/strong> o de sus colaboradores y est\u00e1n protegidos por los correspondientes derechos de propiedad intelectual e industrial.<\/span><\/p>\n<p><span class=\"font-193817\">Igualmente est\u00e1n protegidos por los correspondientes derechos de propiedad intelectual e industrial las im\u00e1genes y otros elementos gr\u00e1ficos contenidos en el sitio Web.<\/span><\/p>\n<p><span class=\"font-193817\">El titular del sitio Web proh\u00edbe expresamente la realizaci\u00f3n de &#8220;framing&#8221; o la utilizaci\u00f3n por parte de terceros de cualesquiera otros mecanismos que alteren el dise\u00f1o, configuraci\u00f3n original o contenidos de nuestro sitio Web.<\/span><\/p>\n<p><span class=\"font-193817\">El uso de los contenidos deber\u00e1 respetar su licenciamiento particular. De tal modo su uso, reproducci\u00f3n, distribuci\u00f3n, comunicaci\u00f3n p\u00fablica, transformaci\u00f3n o cualquier otra actividad similar o an\u00e1loga, queda totalmente prohibida salvo que medie previa y expresa autorizaci\u00f3n del\u00a0titular del sitio Web.<\/span><\/p>\n<p><span class=\"font-193817\">\u00danicamente se autoriza la reproducci\u00f3n total o parcial de los textos y contenidos proporcionados por el sitio Web, siempre que concurran todas y cada una de las siguientes condiciones:<\/span><\/p>\n<ul>\n<li><span class=\"font-193817\">Se mantenga la integridad de los contenidos, documentos o gr\u00e1ficos<\/span><\/li>\n<li><span class=\"font-193817\">Se cite expresamente al titular del sitio Web\u00a0como fuente y origen de aquellos.<\/span><\/li>\n<li><span class=\"font-193817\">El prop\u00f3sito y la finalidad de tal uso sea compatible con los fines de la Web y\/o actividad\u00a0del titular del sitio Web.<\/span><\/li>\n<li><span class=\"font-193817\">No se pretenda un uso comercial, quedando expresamente prohibidas su distribuci\u00f3n, comunicaci\u00f3n p\u00fablica, transformaci\u00f3n o descompilaci\u00f3n.<\/span><\/li>\n<\/ul>\n<p><span class=\"font-193817\">Cualquier otro uso habr\u00e1 de ser comunicado y autorizado por el\u00a0titular del sitio Web, previa y expresamente.<\/span><\/p>\n<p><span class=\"font-193817\">Respecto a las citas de productos y servicios de terceros,\u00a0el titular del sitio Web reconoce a favor de sus titulares los correspondientes derechos de propiedad industrial e intelectual, no implicando su sola menci\u00f3n o aparici\u00f3n en la Web la existencia de derechos ni de responsabilidad alguna sobre los mismos, como tampoco respaldo, patrocinio o recomendaci\u00f3n.<\/span><\/p>\n<p><span class=\"font-193817\">El titular del sitio Web declara su respeto a los derechos de propiedad intelectual e industrial de terceros; por ello, si considera que nuestro sitio Web pudiera estar violando sus derechos, rogamos se ponga en contacto con\u00a0el titular del sitio Web.<\/span><\/p>\n<p><span class=\"font-193817\"><strong>RESPONSABILIDAD<\/strong><\/span><\/p>\n<p><span class=\"font-193817\">El titular del sitio Web no garantiza la inexistencia de errores en el acceso a la Web, en su contenido, ni que \u00e9ste se encuentre actualizado, aunque\u00a0el titular del sitio Web\u00a0desarrollar\u00e1 sus mejores esfuerzos para, en su caso, evitarlos, subsanarlos o actualizarlos.<\/span><\/p>\n<p><span class=\"font-193817\">Tanto el acceso al sitio Web, como el uso que pueda hacerse de la informaci\u00f3n contenida en los mismos es de la exclusiva responsabilidad de quien lo realiza.<\/span><\/p>\n<p><span class=\"font-193817\">El titular del sitio Web no se hace responsable de la informaci\u00f3n y contenidos almacenados, a t\u00edtulo enunciativo, pero no limitativo, en foros, chats, blogs, comentarios, redes sociales o cualquier otro medio que permita a terceros publicar contenidos de la forma independiente en la p\u00e1gina Web.<\/span><\/p>\n<p><span class=\"font-193817\">No obstante, y en cumplimiento de lo dispuesto en la LSSI,\u00a0el titular del sitio Web se pone a disposici\u00f3n de todos los usuarios, autoridades y fuerzas de seguridad, y colaborando de forma activa en la retirada o en su caso bloqueo de todos aquellos contenidos que pudieran afectar o contravenir la legislaci\u00f3n nacional, o internacional, derechos de terceros o la moral y el orden p\u00fablico. En caso de que el usuario considere que existe en el sitio web alg\u00fan contenido que pudiera ser susceptible de esta clasificaci\u00f3n, rogamos se ponga en contacto con\u00a0el titular del sitio Web.<\/span><\/p>\n<p><span class=\"font-193817\">El titular del sitio Web no se responsabiliza de las contestaciones que se realicen a trav\u00e9s de las distintas direcciones de correo electr\u00f3nico que aparecen en su sitio Web, por lo que en ning\u00fan caso podr\u00e1 derivarse efecto jur\u00eddico vinculante de las mismas.<\/span><\/p>\n<p><span class=\"font-193817\"><strong>LINKS O HIPERENLACES<\/strong><\/span><\/p>\n<p><span class=\"font-193817\">Los enlaces contenidos en nuestro sitio Web pueden dirigir a contenidos Web de tercero. El objetivo de dichos enlaces es \u00fanicamente facilitarle la b\u00fasqueda de los recursos que le puedan interesar a trav\u00e9s de Internet. No obstante, dichas p\u00e1ginas no pertenecen al\u00a0titular del sitio Web,\u00a0ni hace una revisi\u00f3n de sus contenidos y, por ello,\u00a0el titular del sitio Web no asume ninguna responsabilidad por el contenido, informaciones o servicios que pudieran aparecer en dichos sitios, que tendr\u00e1n exclusivamente car\u00e1cter informativo y que en ning\u00fan caso implican relaci\u00f3n alguna entre\u00a0el titular del sitio Web y las personas o entidades titulares de tales contenidos o titulares de otros sitios donde se encuentren.\u00a0El titular del sitio Web tampoco puede hacerse responsable del funcionamiento de la p\u00e1gina enlazada o de los posibles da\u00f1os que puedan derivarse del acceso o uso de la misma.<\/span><\/p>\n<p><span class=\"font-193817\">Los enlaces a este sitio web deber\u00e1n respetar las siguientes condiciones:<\/span><\/p>\n<ul>\n<li><span class=\"font-193817\">El establecimiento del enlace no supondr\u00e1 ning\u00fan tipo de acuerdo, contrato, patrocinio ni recomendaci\u00f3n por parte de <strong>MARISA GALLO S.L.<\/strong> con la p\u00e1gina que realiza el enlace.<\/span><\/li>\n<li><span class=\"font-193817\">La p\u00e1gina Web en la que se establezca el hiperenlace no contendr\u00e1 informaciones con contenidos<\/span><\/li>\n<\/ul>\n<ul>\n<li><span class=\"font-193817\">que sean il\u00edcitos, discriminatorios, contrarios a los principios \u00e9ticos com\u00fanmente aceptados o atenten contra el orden p\u00fablico, as\u00ed como tampoco contendr\u00e1 contenidos contrarios a cualesquiera derechos de terceros.<\/span><\/li>\n<li><span class=\"font-193817\">El titular del sitio Web podr\u00e1 solicitar que se retire un enlace a su Web, sin necesidad de alegar causa alguna. En tal caso, la p\u00e1gina que haya realizado el enlace deber\u00e1 proceder a su inmediata supresi\u00f3n, tan pronto como reciba la notificaci\u00f3n del\u00a0titular del sitio Web.<\/span><\/li>\n<li><span class=\"font-193817\">No se responsabiliza de modo alguno ni garantiza la claridad, exactitud, fiabilidad, correcci\u00f3n o moralidad de contenidos o servicios que el establecimiento del hiperenlace pueda ofrecer. El usuario asume bajo su exclusiva responsabilidad las consecuencias, da\u00f1os o acciones que pudieran derivarse del acceso a la p\u00e1gina Web del hiperenlace.<\/span><\/li>\n<li><span class=\"font-193817\">La p\u00e1gina Web en la que se establezca el hiperenlace no podr\u00e1 contener marca, denominaci\u00f3n, logotipo, eslogan u otros signos distintivos pertenecientes al titular del sitio Web excepto aquellos signos que formen parte del mismo hiperenlace.<\/span><\/li>\n<\/ul>\n<p><span class=\"font-193817\"><strong>PROTECCI\u00d3N DE DATOS PERSONALES<\/strong><\/span><\/p>\n<p><span class=\"font-193817\">Para aquellos casos que se recaben, traten o almacenen datos personales, se har\u00e1 en conformidad con la Pol\u00edtica de Privacidad publicada en el Website.<\/span><\/p>\n<p><span class=\"font-193817\"><strong>LEY APLICABLE Y JURISDICCI\u00d3N<\/strong><\/span><\/p>\n<p><span class=\"font-193817\">La ley aplicable en caso de disputa o conflicto de interpretaci\u00f3n de los t\u00e9rminos que conforman este Aviso Legal, as\u00ed como cualquier cuesti\u00f3n relacionada con los servicios del presente Portal, ser\u00e1 la ley espa\u00f1ola.<\/span>[\/vc_column_text][\/vc_column][vc_column width=&#8221;1\/4&#8243;][\/vc_column][\/vc_row]<\/p>\n<\/div>","protected":false},"excerpt":{"rendered":"<p>[vc_row row_height_percent=&#8221;0&#8243; overlay_alpha=&#8221;50&#8243; gutter_size=&#8221;3&#8243; column_width_percent=&#8221;100&#8243; shift_y=&#8221;0&#8243; z_index=&#8221;0&#8243; uncode_shortcode_id=&#8221;128837&#8243;][vc_column column_width_percent=&#8221;80&#8243; gutter_size=&#8221;3&#8243; overlay_alpha=&#8221;50&#8243; shift_x=&#8221;0&#8243; shift_y=&#8221;0&#8243; shift_y_down=&#8221;0&#8243; z_index=&#8221;0&#8243; medium_width=&#8221;0&#8243; mobile_width=&#8221;0&#8243; uncode_shortcode_id=&#8221;660411&#8243; width=&#8221;1\/4&#8243;][\/vc_column][vc_column width=&#8221;1\/2&#8243;][vc_column_text [&hellip;]<\/p>\n","protected":false},"author":1,"featured_media":0,"parent":0,"menu_order":0,"comment_status":"closed","ping_status":"closed","template":"","meta":{"_joinchat":[],"footnotes":""},"class_list":["post-50366","page","type-page","status-publish","hentry"],"yoast_head":"<!-- This site is optimized with the Yoast SEO plugin v26.0 - https:\/\/yoast.com\/wordpress\/plugins\/seo\/ -->\n<title>aviso legal - interiorisimo | marisa gallo<\/title>\n<meta name=\"robots\" content=\"index, follow, max-snippet:-1, max-image-preview:large, max-video-preview:-1\" \/>\n<link rel=\"canonical\" href=\"https:\/\/interiorisimo.com\/mgallo\/avisolegal\/\" \/>\n<meta property=\"og:locale\" content=\"es_ES\" \/>\n<meta property=\"og:type\" content=\"article\" \/>\n<meta property=\"og:title\" content=\"aviso legal - interiorisimo | marisa gallo\" \/>\n<meta property=\"og:description\" content=\"[vc_row row_height_percent=&#8221;0&#8243; overlay_alpha=&#8221;50&#8243; gutter_size=&#8221;3&#8243; column_width_percent=&#8221;100&#8243; shift_y=&#8221;0&#8243; z_index=&#8221;0&#8243; uncode_shortcode_id=&#8221;128837&#8243;][vc_column column_width_percent=&#8221;80&#8243; gutter_size=&#8221;3&#8243; overlay_alpha=&#8221;50&#8243; shift_x=&#8221;0&#8243; shift_y=&#8221;0&#8243; shift_y_down=&#8221;0&#8243; z_index=&#8221;0&#8243; medium_width=&#8221;0&#8243; mobile_width=&#8221;0&#8243; uncode_shortcode_id=&#8221;660411&#8243; width=&#8221;1\/4&#8243;][\/vc_column][vc_column width=&#8221;1\/2&#8243;][vc_column_text [&hellip;]\" \/>\n<meta property=\"og:url\" content=\"https:\/\/interiorisimo.com\/mgallo\/avisolegal\/\" \/>\n<meta property=\"og:site_name\" content=\"interiorisimo | marisa gallo\" \/>\n<meta property=\"article:publisher\" content=\"https:\/\/www.facebook.com\/interiorisimo\" \/>\n<meta property=\"article:modified_time\" content=\"2023-01-25T11:53:39+00:00\" \/>\n<meta property=\"og:image\" content=\"http:\/\/interiorisimo.com\/mgallo\/wp-content\/uploads\/2016\/04\/logoblack2.png\" \/>\n<meta name=\"twitter:card\" content=\"summary_large_image\" \/>\n<meta name=\"twitter:site\" content=\"@interiorisimo\" \/>\n<meta name=\"twitter:label1\" content=\"Tiempo de lectura\" \/>\n\t<meta name=\"twitter:data1\" content=\"7 minutos\" \/>\n<!-- \/ Yoast SEO plugin. -->","yoast_head_json":{"title":"aviso legal - interiorisimo | marisa gallo","robots":{"index":"index","follow":"follow","max-snippet":"max-snippet:-1","max-image-preview":"max-image-preview:large","max-video-preview":"max-video-preview:-1"},"canonical":"https:\/\/interiorisimo.com\/mgallo\/avisolegal\/","og_locale":"es_ES","og_type":"article","og_title":"aviso legal - interiorisimo | marisa gallo","og_description":"[vc_row row_height_percent=&#8221;0&#8243; overlay_alpha=&#8221;50&#8243; gutter_size=&#8221;3&#8243; column_width_percent=&#8221;100&#8243; shift_y=&#8221;0&#8243; z_index=&#8221;0&#8243; uncode_shortcode_id=&#8221;128837&#8243;][vc_column column_width_percent=&#8221;80&#8243; gutter_size=&#8221;3&#8243; overlay_alpha=&#8221;50&#8243; shift_x=&#8221;0&#8243; shift_y=&#8221;0&#8243; shift_y_down=&#8221;0&#8243; z_index=&#8221;0&#8243; medium_width=&#8221;0&#8243; mobile_width=&#8221;0&#8243; uncode_shortcode_id=&#8221;660411&#8243; width=&#8221;1\/4&#8243;][\/vc_column][vc_column width=&#8221;1\/2&#8243;][vc_column_text [&hellip;]","og_url":"https:\/\/interiorisimo.com\/mgallo\/avisolegal\/","og_site_name":"interiorisimo | marisa gallo","article_publisher":"https:\/\/www.facebook.com\/interiorisimo","article_modified_time":"2023-01-25T11:53:39+00:00","og_image":[{"url":"http:\/\/interiorisimo.com\/mgallo\/wp-content\/uploads\/2016\/04\/logoblack2.png","type":"","width":"","height":""}],"twitter_card":"summary_large_image","twitter_site":"@interiorisimo","twitter_misc":{"Tiempo de lectura":"7 minutos"},"schema":{"@context":"https:\/\/schema.org","@graph":[{"@type":"WebPage","@id":"https:\/\/interiorisimo.com\/mgallo\/avisolegal\/","url":"https:\/\/interiorisimo.com\/mgallo\/avisolegal\/","name":"aviso legal - interiorisimo | marisa gallo","isPartOf":{"@id":"https:\/\/interiorisimo.com\/mgallo\/#website"},"datePublished":"2018-09-16T22:45:08+00:00","dateModified":"2023-01-25T11:53:39+00:00","breadcrumb":{"@id":"https:\/\/interiorisimo.com\/mgallo\/avisolegal\/#breadcrumb"},"inLanguage":"es","potentialAction":[{"@type":"ReadAction","target":["https:\/\/interiorisimo.com\/mgallo\/avisolegal\/"]}]},{"@type":"BreadcrumbList","@id":"https:\/\/interiorisimo.com\/mgallo\/avisolegal\/#breadcrumb","itemListElement":[{"@type":"ListItem","position":1,"name":"Portada","item":"https:\/\/interiorisimo.com\/mgallo\/"},{"@type":"ListItem","position":2,"name":"aviso legal"}]},{"@type":"WebSite","@id":"https:\/\/interiorisimo.com\/mgallo\/#website","url":"https:\/\/interiorisimo.com\/mgallo\/","name":"interiorisimo | marisa gallo","description":"Estudio de interiorismo by Marisa Gallo","publisher":{"@id":"https:\/\/interiorisimo.com\/mgallo\/#organization"},"potentialAction":[{"@type":"SearchAction","target":{"@type":"EntryPoint","urlTemplate":"https:\/\/interiorisimo.com\/mgallo\/?s={search_term_string}"},"query-input":{"@type":"PropertyValueSpecification","valueRequired":true,"valueName":"search_term_string"}}],"inLanguage":"es"},{"@type":"Organization","@id":"https:\/\/interiorisimo.com\/mgallo\/#organization","name":"interiorisimo | marisa gallo","url":"https:\/\/interiorisimo.com\/mgallo\/","logo":{"@type":"ImageObject","inLanguage":"es","@id":"https:\/\/interiorisimo.com\/mgallo\/#\/schema\/logo\/image\/","url":"https:\/\/interiorisimo.com\/mgallo\/wp-content\/uploads\/2023\/01\/LGMGA.png","contentUrl":"https:\/\/interiorisimo.com\/mgallo\/wp-content\/uploads\/2023\/01\/LGMGA.png","width":284,"height":338,"caption":"interiorisimo | marisa gallo"},"image":{"@id":"https:\/\/interiorisimo.com\/mgallo\/#\/schema\/logo\/image\/"},"sameAs":["https:\/\/www.facebook.com\/interiorisimo","https:\/\/x.com\/interiorisimo","https:\/\/www.instagram.com\/interiorisimo\/","https:\/\/www.linkedin.com\/company\/interiorisimo","https:\/\/www.pinterest.com\/interiorisimo"]}]}},"_links":{"self":[{"href":"https:\/\/interiorisimo.com\/mgallo\/wp-json\/wp\/v2\/pages\/50366","targetHints":{"allow":["GET"]}}],"collection":[{"href":"https:\/\/interiorisimo.com\/mgallo\/wp-json\/wp\/v2\/pages"}],"about":[{"href":"https:\/\/interiorisimo.com\/mgallo\/wp-json\/wp\/v2\/types\/page"}],"author":[{"embeddable":true,"href":"https:\/\/interiorisimo.com\/mgallo\/wp-json\/wp\/v2\/users\/1"}],"replies":[{"embeddable":true,"href":"https:\/\/interiorisimo.com\/mgallo\/wp-json\/wp\/v2\/comments?post=50366"}],"version-history":[{"count":10,"href":"https:\/\/interiorisimo.com\/mgallo\/wp-json\/wp\/v2\/pages\/50366\/revisions"}],"predecessor-version":[{"id":117828,"href":"https:\/\/interiorisimo.com\/mgallo\/wp-json\/wp\/v2\/pages\/50366\/revisions\/117828"}],"wp:attachment":[{"href":"https:\/\/interiorisimo.com\/mgallo\/wp-json\/wp\/v2\/media?parent=50366"}],"curies":[{"name":"wp","href":"https:\/\/api.w.org\/{rel}","templated":true}]}}